{"id":2552,"date":"2021-10-20T22:44:19","date_gmt":"2021-10-20T19:44:19","guid":{"rendered":"https:\/\/tatd.org.tr\/tatdus\/?page_id=2552"},"modified":"2024-01-11T14:31:23","modified_gmt":"2024-01-11T11:31:23","slug":"tarihce","status":"publish","type":"page","link":"https:\/\/tatd.org.tr\/tatdus\/homepage\/tarihce\/","title":{"rendered":"Tarih\u00e7e"},"content":{"rendered":"<h2>Kurulu\u015fu<\/h2>\n<div class=\"pcrstb-wrap\"><table style=\"border-collapse: collapse;width: 99.9344%;height: 50px\" border=\"1\">\n<tbody>\n<tr>\n<td style=\"width: 25%\"><strong>Kurulu\u015f Y\u0131l\u0131<\/strong><\/td>\n<td style=\"width: 25%\">8 \u015eubat 2008<\/td>\n<\/tr>\n<tr>\n<td style=\"width: 25%\"><strong>Kurucu Ba\u015fkan<\/strong><\/td>\n<td style=\"width: 25%\">Asl\u0131han Y\u00fcr\u00fckt\u00fcmen \u00dcnal<\/td>\n<\/tr>\n<\/tbody>\n<\/table><\/div>\n<p>Faaliyet Ba\u015flang\u0131c\u0131: 08 \u015eubat 2008 tarihli YK karar\u0131 ile kurulmu\u015ftur.<\/p>\n<p>\u0130lk \u00c7al\u0131\u015fma Grubu \u00dcyeleri; Dr. Ahmet Sebe, Dr. Asl\u0131han Y\u00fcr\u00fckt\u00fcmen \u00dcnal, Dr. Cem Ertan, Dr. Funda Karbek Akarca, Dr. \u0130sa K\u0131l\u0131\u00e7aslan, Dr. M. Nuri Bozdemir, Dr. Nurdan Erg\u00fcn Acar, Dr. Se\u00e7gin S\u00f6y\u00fcnc\u00fc<\/p>\n<h2>\u0130lk Faaliyetler<\/h2>\n<p>Acil T\u0131p uzman ve asistanlar\u0131na y\u00f6nelik ilk mezuniyet sonras\u0131 e\u011fitimi 27 Nisan 2008 \u0130stanbul Bezm-i Alem Vak\u0131f Gureba E\u011fitim Hastanesi\u2019nde ger\u00e7ekle\u015ftirmi\u015ftir. 2022 y\u0131l\u0131 itibariyle 50 e\u011fitmeni ve 118 \u00e7al\u0131\u015fma grup \u00fcyesi ile e\u011fitime katk\u0131 sunmaya devam etmektedir.<\/p>\n<p>Kurulu\u015fundan bu yana Acil T\u0131p uzman ve ara\u015ft\u0131rma g\u00f6revlilerine klinik senaryolar \u00fczerinden sa\u011flanan mezuniyet sonras\u0131 e\u011fitimler yan\u0131 s\u0131ra kritik ve acil hasta y\u00f6netiminde yer alan uzman hekimlere y\u00f6nelik olarak ger\u00e7ekle\u015ftirilmi\u015f ve s\u00fcre\u011fen olarak devam eden; N\u00f6roloji Yo\u011fun Bak\u0131m Derne\u011fi, Dahili ve Cerrahi Yo\u011fun Bak\u0131m Derne\u011fi, \u00c7ocuk Acil T\u0131p-Yo\u011fun Bak\u0131m Derne\u011fi, \u0130\u00e7 Hastal\u0131klar\u0131 Uzmanl\u0131k E\u011fitim Ara\u015ft\u0131rma Derne\u011fi ve Aile Hekimleri ile yurti\u00e7i multidisipliner ortakl\u0131klar s\u00f6z konusudur. Yurtd\u0131\u015f\u0131nda ise EUSEM (Avrupa Acil T\u0131p Derne\u011fi) ve WINFOCUS (Kritik Ultrasonografi Odakl\u0131 D\u00fcnya \u0130nteraktif Etkile\u015fim A\u011f\u0131) dernekleri ile aktif i\u015fbirlikleri devam etmektedir.<\/p>\n<p>TATDUS, 2009 y\u0131l\u0131nda &#8220;<strong>Acil USG Temel Kurs Kitab\u0131<\/strong>&#8220;, 2014 y\u0131l\u0131nda &#8220;<strong>Acil USG Cep Atlas\u0131<\/strong>&#8220;, 2021 y\u0131l\u0131nda &#8220;<strong>Acil USG E\u011fitim ve Uygulama \u00d6nerileri<\/strong>&#8221; ve yine 2021 y\u0131l\u0131nda &#8220;<strong>Acil Ultrasonografi<\/strong>&#8221; kitaplar\u0131 Acil T\u0131p uzman ve ara\u015ft\u0131rma g\u00f6revlilerinin kullan\u0131m\u0131na kazand\u0131r\u0131lm\u0131\u015ft\u0131r. Web tabanl\u0131 a\u00e7\u0131k bir e\u011fitim kayna\u011f\u0131 sa\u011flayan grubun organizasyonu ile \u00e7ok merkezli olarak y\u00fcr\u00fct\u00fclen ara\u015ft\u0131rmalar ve halen devam etmekte olan orijinal bas\u0131l\u0131 kaynak \u00e7al\u0131\u015fmalar\u0131 mevcuttur.<\/p>\n<h2>Y\u00fcr\u00fctme Kurullar\u0131<\/h2>\n<div class=\"pcrstb-wrap\"><table style=\"border-collapse: collapse;width: 100%\" border=\"1\">\n<tbody>\n<tr style=\"height: 23px\">\n<td style=\"width: 10%;height: 23px\"><strong>D\u00f6nem<\/strong><\/td>\n<td style=\"width: 30%;height: 23px\"><strong>Ba\u015fkan<\/strong><\/td>\n<td style=\"width: 15%;height: 23px\"><strong>G\u00f6rev S\u00fcresi<\/strong><\/td>\n<td style=\"width: 30%;height: 23px\"><strong>Sekreter<\/strong><\/td>\n<td style=\"width: 15%;height: 23px\"><strong>G\u00f6rev S\u00fcresi<\/strong><\/td>\n<\/tr>\n<tr style=\"height: 23px\">\n<td style=\"width: 10%;height: 23px\"><strong>8.<\/strong><\/td>\n<td style=\"width: 30%;height: 23px\">\u00d6zlem Dikme<\/td>\n<td style=\"width: 15%;height: 23px\">2024 &#8211; 2025<\/td>\n<td style=\"width: 30%;height: 23px\">Ramazan Sivil<\/td>\n<td style=\"width: 15%;height: 23px\">2024 &#8211; 2025<\/td>\n<\/tr>\n<tr style=\"height: 23px\">\n<td style=\"width: 10%;height: 23px\"><strong>7.<\/strong><\/td>\n<td style=\"width: 30%;height: 23px\">\u00d6zlem Dikme<\/td>\n<td style=\"width: 15%;height: 23px\">2022 &#8211; 2023<\/td>\n<td style=\"width: 30%;height: 23px\">Burcu Azapo\u011flu Kaymak<\/td>\n<td style=\"width: 15%;height: 23px\">2022 &#8211; 2023<\/td>\n<\/tr>\n<tr style=\"height: 23px\">\n<td style=\"width: 10%;height: 23px\"><strong>6.<\/strong><\/td>\n<td style=\"width: 30%;height: 23px\">Asl\u0131han Y\u00fcr\u00fckt\u00fcmen \u00dcnal<\/td>\n<td style=\"width: 15%;height: 23px\">2020 &#8211; 2021<\/td>\n<td style=\"width: 30%;height: 23px\">Burcu Azapo\u011flu Kaymak<\/td>\n<td style=\"width: 15%;height: 23px\">2020 &#8211; 2021<\/td>\n<\/tr>\n<tr style=\"height: 23px\">\n<td style=\"width: 10%;height: 23px\"><strong>5.<\/strong><\/td>\n<td style=\"width: 30%;height: 23px\">Funda Karbek Akarca<\/td>\n<td style=\"width: 15%;height: 23px\">2018 &#8211; 2019<\/td>\n<td style=\"width: 30%;height: 23px\">Volkan Arslan<\/td>\n<td style=\"width: 15%;height: 23px\">2018 &#8211; 2019<\/td>\n<\/tr>\n<tr style=\"height: 23px\">\n<td style=\"width: 10%;height: 23px\"><strong>4.<\/strong><\/td>\n<td style=\"width: 30%;height: 23px\">Asl\u0131han Y\u00fcr\u00fckt\u00fcmen \u00dcnal<\/td>\n<td style=\"width: 15%;height: 23px\">2016 &#8211; 2017<\/td>\n<td style=\"width: 30%;height: 23px\">\u00d6zlem Dikme<\/td>\n<td style=\"width: 15%;height: 23px\">2016 &#8211; 2017<\/td>\n<\/tr>\n<tr style=\"height: 23px\">\n<td style=\"width: 10%;height: 23px\"><strong>3.<\/strong><\/td>\n<td style=\"width: 30%;height: 23px\">Murat Ye\u015filaras<\/td>\n<td style=\"width: 15%;height: 23px\">2014 &#8211; 2015<\/td>\n<td style=\"width: 30%;height: 23px\">\u00d6zg\u00fcr \u00c7evrim<\/td>\n<td style=\"width: 15%;height: 23px\">2014 &#8211; 2015<\/td>\n<\/tr>\n<tr style=\"height: 23px\">\n<td style=\"width: 10%;height: 23px\"><strong>2.<\/strong><\/td>\n<td style=\"width: 30%;height: 23px\">Funda Karbek Akarca<\/td>\n<td style=\"width: 15%;height: 23px\">2012 &#8211; 2013<\/td>\n<td style=\"width: 30%;height: 23px\"><\/td>\n<td style=\"width: 15%;height: 23px\"><\/td>\n<\/tr>\n<tr style=\"height: 23px\">\n<td style=\"width: 10%;height: 23px\"><strong>1.<\/strong><\/td>\n<td style=\"width: 30%;height: 23px\">Asl\u0131han Y\u00fcr\u00fckt\u00fcmen \u00dcnal<\/td>\n<td style=\"width: 15%;height: 23px\">2008 &#8211; 2011<\/td>\n<td style=\"width: 30%;height: 23px\"><\/td>\n<td style=\"width: 15%;height: 23px\"><\/td>\n<\/tr>\n<\/tbody>\n<\/table><\/div>\n","protected":false},"excerpt":{"rendered":"<p>Kurulu\u015fu Kurulu\u015f Y\u0131l\u0131 8 \u015eubat 2008 Kurucu Ba\u015fkan Asl\u0131han Y\u00fcr\u00fckt\u00fcmen \u00dcnal Faaliyet Ba\u015flang\u0131c\u0131: 08 \u015eubat 2008 tarihli YK karar\u0131 ile kurulmu\u015ftur. \u0130lk&hellip;<\/p>\n","protected":false},"author":1561,"featured_media":0,"parent":2908,"menu_order":0,"comment_status":"closed","ping_status":"closed","template":"","meta":{"_acf_changed":false,"inline_featured_image":false,"_lmt_disableupdate":"","_lmt_disable":"","footnotes":""},"class_list":["post-2552","page","type-page","status-publish","hentry"],"acf":[],"_links":{"self":[{"href":"https:\/\/tatd.org.tr\/tatdus\/wp-json\/wp\/v2\/pages\/2552","targetHints":{"allow":["GET"]}}],"collection":[{"href":"https:\/\/tatd.org.tr\/tatdus\/wp-json\/wp\/v2\/pages"}],"about":[{"href":"https:\/\/tatd.org.tr\/tatdus\/wp-json\/wp\/v2\/types\/page"}],"author":[{"embeddable":true,"href":"https:\/\/tatd.org.tr\/tatdus\/wp-json\/wp\/v2\/users\/1561"}],"replies":[{"embeddable":true,"href":"https:\/\/tatd.org.tr\/tatdus\/wp-json\/wp\/v2\/comments?post=2552"}],"version-history":[{"count":0,"href":"https:\/\/tatd.org.tr\/tatdus\/wp-json\/wp\/v2\/pages\/2552\/revisions"}],"up":[{"embeddable":true,"href":"https:\/\/tatd.org.tr\/tatdus\/wp-json\/wp\/v2\/pages\/2908"}],"wp:attachment":[{"href":"https:\/\/tatd.org.tr\/tatdus\/wp-json\/wp\/v2\/media?parent=2552"}],"curies":[{"name":"wp","href":"https:\/\/api.w.org\/{rel}","templated":true}]}}