{"id":224,"date":"2021-10-17T23:04:20","date_gmt":"2021-10-17T20:04:20","guid":{"rendered":"https:\/\/tatd.org.tr\/template\/?page_id=5"},"modified":"2021-11-20T00:01:46","modified_gmt":"2021-11-19T21:01:46","slug":"hakkimizda","status":"publish","type":"page","link":"https:\/\/tatd.org.tr\/kritik\/hakkimizda\/","title":{"rendered":"Hakk\u0131m\u0131zda"},"content":{"rendered":"<p>Kritik Bak\u0131m \u00fclkemizde en y\u00fcksek mortaliteye sahip, ya\u015famsal \u00f6nem ta\u015f\u0131yan hastal\u0131klara ambulanslar ve acil servisten ba\u015flayarak uygulanan ya\u015famsal tan\u0131 ve tedavi giri\u015fimlerini kapsamaktad\u0131r. Acil T\u0131p ihtisas\u0131 kritik bak\u0131m hastalar\u0131n\u0131n sa\u011fl\u0131k sistemi ile bulu\u015ftu\u011fu ilk saatlerinde en \u00f6nemli tedavileri ve bak\u0131m\u0131 vermekle m\u00fckellef olup kritik \u00f6neme sahiptir. <strong>TATD Kritik Hasta Bak\u0131m\u0131 \u00c7al\u0131\u015fma Grubu <\/strong>acil t\u0131p kapsam\u0131 i\u00e7indeki kritik bak\u0131m konular\u0131ndaki g\u00fcncel geli\u015fmeleri izleyerek acil t\u0131p uzmanl\u0131\u011f\u0131 prati\u011finde en do\u011fru \u015fekilde uygulanmas\u0131n\u0131 sa\u011flamak, acil t\u0131p hekimlerinin uhtesindeki\u00a0 kritik bak\u0131m kapsam\u0131n\u0131 belirleyerek ilgili ba\u015fl\u0131klarda fark\u0131ndal\u0131\u011f\u0131n art\u0131r\u0131lmas\u0131 i\u00e7in \u00e7al\u0131\u015fma yapmak, ve kritik bak\u0131mda multidisipliner yakla\u015f\u0131m\u0131n \u00f6nemi konusunda fark\u0131ndal\u0131\u011f\u0131 art\u0131rmak ve yayg\u0131nla\u015ft\u0131rmak ama\u00e7lar\u0131yla kurulmu\u015ftur.<\/p>\n<p><strong>TATD Kritik Hasta Bak\u0131m\u0131 \u00c7al\u0131\u015fma Grubu<\/strong> i\u00e7erisinde \u00e7al\u0131\u015fmak ve etkinliklerde g\u00f6rev almak isteyen dernek \u00fcyelerimiz, TATD \u00fcye alan\u0131na \u015fifreleri ile giri\u015f yaparak &#8220;Hesab\u0131m&#8221; k\u0131sm\u0131 &#8220;G\u00f6revler&#8221; sekmesinden \u00e7al\u0131\u015fmak istedikleri komisyon ve \u00e7al\u0131\u015fma gruplar\u0131n\u0131 se\u00e7mek suretiyle ilgili birimlerin Y\u00fcr\u00fctme Kurullar\u0131na taleplerini iletebilir ya da men\u00fcde yer alan ileti\u015fim sayfas\u0131ndaki bilgileri kullanarak kendilerine ula\u015fabilirler.<\/p>\n","protected":false},"excerpt":{"rendered":"<p>Kritik Bak\u0131m \u00fclkemizde en y\u00fcksek mortaliteye sahip, ya\u015famsal \u00f6nem ta\u015f\u0131yan hastal\u0131klara ambulanslar ve acil servisten ba\u015flayarak uygulanan ya\u015famsal tan\u0131 ve tedavi giri\u015fimlerini&hellip;<\/p>\n","protected":false},"author":1561,"featured_media":0,"parent":0,"menu_order":0,"comment_status":"closed","ping_status":"closed","template":"","meta":{"_acf_changed":false,"inline_featured_image":false,"_lmt_disableupdate":"","_lmt_disable":"","footnotes":""},"class_list":["post-224","page","type-page","status-publish","hentry"],"acf":[],"_links":{"self":[{"href":"https:\/\/tatd.org.tr\/kritik\/wp-json\/wp\/v2\/pages\/224","targetHints":{"allow":["GET"]}}],"collection":[{"href":"https:\/\/tatd.org.tr\/kritik\/wp-json\/wp\/v2\/pages"}],"about":[{"href":"https:\/\/tatd.org.tr\/kritik\/wp-json\/wp\/v2\/types\/page"}],"author":[{"embeddable":true,"href":"https:\/\/tatd.org.tr\/kritik\/wp-json\/wp\/v2\/users\/1561"}],"replies":[{"embeddable":true,"href":"https:\/\/tatd.org.tr\/kritik\/wp-json\/wp\/v2\/comments?post=224"}],"version-history":[{"count":0,"href":"https:\/\/tatd.org.tr\/kritik\/wp-json\/wp\/v2\/pages\/224\/revisions"}],"wp:attachment":[{"href":"https:\/\/tatd.org.tr\/kritik\/wp-json\/wp\/v2\/media?parent=224"}],"curies":[{"name":"wp","href":"https:\/\/api.w.org\/{rel}","templated":true}]}}