{"id":224,"date":"2021-10-17T23:04:20","date_gmt":"2021-10-17T20:04:20","guid":{"rendered":"https:\/\/tatd.org.tr\/template\/?page_id=5"},"modified":"2026-03-18T06:49:55","modified_gmt":"2026-03-18T03:49:55","slug":"hakkimizda","status":"publish","type":"page","link":"https:\/\/tatd.org.tr\/cocuk\/hakkimizda\/","title":{"rendered":"Hakk\u0131m\u0131zda"},"content":{"rendered":"<p><strong>TATD \u00c7ocuk Acil T\u0131p \u00c7al\u0131\u015fma Grubu,<\/strong> \u00e7ocuk hastalar\u0131n acil sa\u011fl\u0131k hizmetlerinde g\u00f6rev alan ulusal ve uluslararas\u0131 t\u00fcm hekimler ve kurulu\u015flar ile i\u015fbirli\u011fi sa\u011flamak, acil t\u0131p ile ilgili konularda (klinik, e\u011fitim, y\u00f6netim, k\u0131lavuzlar vs) bilgi payla\u015f\u0131m\u0131 yapmak ve \u00e7ocuk acil t\u0131bb\u0131n gelece\u011fi i\u00e7in \u00fcst otoritelere \u00f6nerilerde bulunmak amac\u0131 ile TATD Y\u00f6netim Kurulu\u2019nun 06 Ocak 2020 tarihli toplant\u0131s\u0131nda kurulmu\u015ftur.<\/p>\n<h3>Vizyon<\/h3>\n<p>\u00c7ocuk hastalar\u0131n acil t\u0131bbi bak\u0131m\u0131nda m\u00fckemmeliyeti yakalamak.<\/p>\n<h3>Misyon<\/h3>\n<p>\u00c7ocuk hastalar\u0131n acil sa\u011fl\u0131k hizmetlerinde g\u00f6rev alan ulusal ve uluslararas\u0131 ilgili t\u00fcm hekimler ve kurulu\u015flar ile i\u015fbirli\u011fi sa\u011flamak, acil t\u0131p ile ilgili konularda (klinik, e\u011fitim, y\u00f6netim, k\u0131lavuzlar vs) bilgi payla\u015f\u0131m\u0131 yapmak, s\u00fcrekli mesleki e\u011fitimler d\u00fczenlemek, bilimsel \u00e7al\u0131\u015fmalar yapmak ve \u00e7ocuk acil t\u0131bb\u0131n gelece\u011fi i\u00e7in \u00fcst otoritelere \u00f6nerilerde bulunmak.<\/p>\n<h3>Tan\u0131mlar<\/h3>\n<h4><strong>\u00c7ocuk<\/strong><\/h4>\n<p>Yenido\u011fandan 18 ya\u015fa kadar olan ki\u015fiyi tan\u0131mlar. 12-18 ya\u015f aras\u0131ndaki \u00e7ocuklar\u0131n yeti\u015fkinlerle bir\u00e7ok benzerli\u011fi vard\u0131r. 16-18 ya\u015f aras\u0131 \u00e7ocuklar \u00e7o\u011funlukla yeti\u015fkin olarak kabul edilir, ancak bu ya\u015f grubundakiler savunmas\u0131z olabilirler.<\/p>\n<h4><strong>Acil Servis<\/strong><\/h4>\n<p>Sa\u011fl\u0131k hizmeti sunan kamu kurum ve kurulu\u015flar\u0131 ile \u00f6zel hukuk t\u00fczel ki\u015fileri ve ger\u00e7ek ki\u015filer taraf\u0131ndan kurulmu\u015f yatakl\u0131 sa\u011fl\u0131k tesisleri b\u00fcnyesinde yer alan, hastalar\u0131n hastal\u0131k veya yaralanma ile randevusuz olarak gelebilece\u011fi ve bir ekip taraf\u0131ndan g\u00f6r\u00fclebilece\u011fi acil bak\u0131m i\u00e7in ayr\u0131lm\u0131\u015f bir alan anlam\u0131na gelir.<\/p>\n<h4><strong>\u00c7ocuk Acil T\u0131p<\/strong><\/h4>\n<p>Akut olarak hastalanan veya yaralanan \u00e7ocuklar\u0131n tan\u0131, tedavi ve y\u00f6nlendirilmesinde h\u0131zl\u0131 ve etkin yakla\u015f\u0131mlar g\u00f6sterebilmek i\u00e7in gereken bilgi ve beceri setini i\u00e7eren t\u0131pta uzmanl\u0131k alan\u0131d\u0131r. \u00c7ocuk acil bak\u0131m\u0131 hem \u00e7ocuk hem de acil t\u0131p uzmanl\u0131\u011f\u0131 e\u011fitiminde elde edilen bilgi ve beceri dizisini i\u00e7erir.<\/p>\n<p><strong>Ama\u00e7 ve Hedefler<\/strong><\/p>\n<p>\u00c7ocuk Acil T\u0131p \u00c7al\u0131\u015fma Grubunun ama\u00e7 ve hedeflerini \u015fu \u015fekilde \u00f6zetleyebiliriz:<\/p>\n<ul>\n<li>\u00c7ocuk acil t\u0131p ile ilgili ulusal ve uluslararas\u0131 ki\u015fi ve kurulu\u015flarla ileti\u015fim kurmak ve i\u015fbirli\u011fi yapmak<\/li>\n<li>\u00c7ocuk sa\u011fl\u0131\u011f\u0131 ve hastal\u0131klar\u0131 uzmanlar\u0131, \u00e7ocuk acil t\u0131p uzmanlar\u0131 ve acil t\u0131p uzmanlar\u0131 aras\u0131ndaki i\u015fbirli\u011fini art\u0131rmak<\/li>\n<li>\u00c7ocuk hastalar\u0131n g\u00fcvenli\u011fi ve acil serviste bak\u0131m\u0131 ile ilgili konularda acil t\u0131p uzmanlar\u0131 ile \u00e7ocuk sa\u011fl\u0131\u011f\u0131 ve hastal\u0131klar\u0131 uzmanlar\u0131 ve \u00e7ocuk acil t\u0131p uzmanlar\u0131 aras\u0131nda bilgi payla\u015f\u0131m\u0131n\u0131 te\u015fvik etmek<\/li>\n<li>T\u0131pta uzmanl\u0131k e\u011fitimi s\u0131ras\u0131nda ve mezuniyet sonras\u0131 s\u00fcrekli geli\u015fimde \u00e7ocuk acil t\u0131p konusunda verilen e\u011fitimin m\u00fcfredat\u0131, y\u00fcr\u00fct\u00fclmesi ve de\u011ferlendirilmesi konusunda yol g\u00f6sterici olmak<\/li>\n<li>Acil t\u0131p uzmanlar\u0131 ve t\u0131pta uzmanl\u0131k \u00f6\u011frencilerinin \u00e7ocuk acil t\u0131p ile ilgili yetkinlik ve yeterliklerinin (bilgi, beceri ve tutum) geli\u015fmesini te\u015fvik etmek<\/li>\n<li>Acil serviste \u00e7ocuk hastalar\u0131n bak\u0131m\u0131nda g\u00f6rev alan t\u00fcm hekimlerin \u00e7ocuk acil t\u0131p konusunda bilimsel \u00e7al\u0131\u015fmalar yapmas\u0131n\u0131 te\u015fvik etmek<\/li>\n<li>Acil serviste \u00e7ocuk hastalar\u0131n bak\u0131m\u0131nda g\u00f6rev alan t\u00fcm hekimler i\u00e7in \u00e7al\u0131\u015ftay, kurs, sempozyum, kongre vs gibi bilimsel etkinlikler d\u00fczenlemek<\/li>\n<li>\u00c7ocuk acil hastalar\u0131n g\u00fcvenli\u011fi ve acil serviste bak\u0131m\u0131 ile ilgili kan\u0131ta dayal\u0131 k\u0131lavuzlar ve bilimsel kaynaklar olu\u015fturmak<\/li>\n<li>\u00c7ocuk acil t\u0131p alan\u0131nda e\u011fitim, hizmet, ara\u015ft\u0131rma ile ilgili kaynaklar\u0131 (dergileri, kitaplar, k\u0131lavuzlar vs) takip etmek, \u00e7ocuk hastalar\u0131n acil bak\u0131m\u0131nda g\u00f6rev alan hekimler ile payla\u015fmak<\/li>\n<li>\u00c7ocuk acil t\u0131p ilgili konularda olumlu ve endi\u015fe verici t\u00fcm geli\u015fmeleri takip etmek ve \u00e7ocuk hastalar\u0131n acil bak\u0131m\u0131nda g\u00f6rev alan hekimler ile payla\u015fmak<\/li>\n<li>T\u00fcm \u00e7ocuklar\u0131n bak\u0131m\u0131nda sa\u011fl\u0131k e\u015fitli\u011fini savunmak ve istismar, ihmal, g\u0131da g\u00fcvensizli\u011fi, konut g\u00fcvensizli\u011fi ve ak\u0131l sa\u011fl\u0131\u011f\u0131 bak\u0131m\u0131 gibi sa\u011fl\u0131k sonu\u00e7lar\u0131na etki eden sosyal fakt\u00f6rler i\u00e7in fark\u0131ndal\u0131k yaratmak<\/li>\n<li>Sa\u011fl\u0131k \u00e7al\u0131\u015fanlar\u0131, t\u0131p \u00f6\u011frencileri ve ilkyard\u0131mc\u0131lar i\u00e7in \u00e7ocuk acil ile ilgili temel ya\u015fam deste\u011fi uygulamalar\u0131n\u0131n yayg\u0131nla\u015fmas\u0131n\u0131 sa\u011flamak<\/li>\n<li>\u00c7ocuk hastalar\u0131n acil servislerde bak\u0131m ald\u0131\u011f\u0131 alanlar\u0131n standartlar\u0131n\u0131n belirlenmesi i\u00e7in \u00e7al\u0131\u015fmalar yapmak, ulusal politikalar, k\u0131lavuzlar ve uzla\u015f\u0131 raporlar\u0131n\u0131n olu\u015fturulmas\u0131na katk\u0131 sa\u011flamak<\/li>\n<li>\u00c7ocuk acil t\u0131p ilgili her t\u00fcrl\u00fc konuda yap\u0131lan \u00e7al\u0131\u015fmalar\u0131n sonu\u00e7lar\u0131na g\u00f6re \u00fcst otoritelere \u00f6nerilerde bulunmak<\/li>\n<li>Politika ve k\u0131lavuzlar\u0131n belirlenmesi i\u00e7in uluslararas\u0131 uzla\u015f\u0131 raporlar\u0131na katk\u0131da bulunmak<\/li>\n<\/ul>\n<p>&nbsp;<\/p>\n\n\n<p><\/p>\n","protected":false},"excerpt":{"rendered":"<p>TATD \u00c7ocuk Acil T\u0131p \u00c7al\u0131\u015fma Grubu, \u00e7ocuk hastalar\u0131n acil sa\u011fl\u0131k hizmetlerinde g\u00f6rev alan ulusal ve uluslararas\u0131 t\u00fcm hekimler ve kurulu\u015flar ile i\u015fbirli\u011fi&hellip;<\/p>\n","protected":false},"author":1561,"featured_media":0,"parent":0,"menu_order":0,"comment_status":"closed","ping_status":"closed","template":"","meta":{"_acf_changed":false,"inline_featured_image":false,"_lmt_disableupdate":"","_lmt_disable":"","footnotes":""},"class_list":["post-224","page","type-page","status-publish","hentry"],"acf":[],"_links":{"self":[{"href":"https:\/\/tatd.org.tr\/cocuk\/wp-json\/wp\/v2\/pages\/224","targetHints":{"allow":["GET"]}}],"collection":[{"href":"https:\/\/tatd.org.tr\/cocuk\/wp-json\/wp\/v2\/pages"}],"about":[{"href":"https:\/\/tatd.org.tr\/cocuk\/wp-json\/wp\/v2\/types\/page"}],"author":[{"embeddable":true,"href":"https:\/\/tatd.org.tr\/cocuk\/wp-json\/wp\/v2\/users\/1561"}],"replies":[{"embeddable":true,"href":"https:\/\/tatd.org.tr\/cocuk\/wp-json\/wp\/v2\/comments?post=224"}],"version-history":[{"count":0,"href":"https:\/\/tatd.org.tr\/cocuk\/wp-json\/wp\/v2\/pages\/224\/revisions"}],"wp:attachment":[{"href":"https:\/\/tatd.org.tr\/cocuk\/wp-json\/wp\/v2\/media?parent=224"}],"curies":[{"name":"wp","href":"https:\/\/api.w.org\/{rel}","templated":true}]}}