{"id":1676,"date":"2026-04-26T15:39:29","date_gmt":"2026-04-26T12:39:29","guid":{"rendered":"https:\/\/tatd.org.tr\/cocuk\/?page_id=1676"},"modified":"2026-04-26T15:39:30","modified_gmt":"2026-04-26T12:39:30","slug":"cocuk-travma-hastasinin-yonetimi","status":"publish","type":"page","link":"https:\/\/tatd.org.tr\/cocuk\/cocuk-travma-hastasinin-yonetimi\/","title":{"rendered":"\u00c7ocuk Travma Hastas\u0131n\u0131n Y\u00f6netimi"},"content":{"rendered":"\n<p>Tan\u0131t\u0131m<\/p>\n\n\n\n<ul class=\"wp-block-list\">\n<li>Bu kursta acil servise ba\u015fvuran \u00e7ocuk travma hastas\u0131n\u0131n sistematik de\u011ferlendirilmesi ve y\u00f6netimi ile kafa, g\u00f6\u011f\u00fcs ve bat\u0131n travmal\u0131 \u00e7ocuk hastalara yakla\u015f\u0131m ilkeleri ve \u00e7ocuk hastada g\u00fcvenli giri\u015fimsel sedasyon ve analjezi uygulanmas\u0131 uygulamal\u0131 ve interaktif bir \u015fekilde tart\u0131\u015f\u0131lacakt\u0131r.<\/li>\n\n\n\n<li>Kursa kay\u0131t yapt\u0131ran kat\u0131l\u0131mc\u0131lar\u0131n, kongre ba\u015flamadan \u00f6nce kendilerine iletilecek linkteki sunum videolar\u0131n\u0131 izlemeleri istenmektedir.<\/li>\n\n\n\n<li>Bu \u015fekilde kat\u0131l\u0131mc\u0131lar en fazla 12 ki\u015filik 3 grup halinde kurs s\u0131ras\u0131nda 40\u2019ar dakikal\u0131k 3 istasyonda e\u011fitim maketleri \u00fczerinde sim\u00fclasyon uygulamalar\u0131 yapacakt\u0131r. T\u00fcm kat\u0131l\u0131mc\u0131lar 1 konuyu senaryo \u00fczerinden interaktif olgu tart\u0131\u015fmas\u0131 \u015feklinde tart\u0131\u015facakt\u0131r.<\/li>\n<\/ul>\n\n\n\n<p>Kurs Program\u0131<\/p>\n\n\n\n<figure class=\"wp-block-table\"><div class=\"pcrstb-wrap\"><table class=\"has-fixed-layout\"><tbody><tr><td><strong>&nbsp;<\/strong><\/td><td><strong>Grup 1<\/strong><strong><\/strong><\/td><td><strong>Grup 2<\/strong><strong><\/strong><\/td><td><strong>Grup 3<\/strong><strong><\/strong><\/td><\/tr><tr><td><strong>40 dakika<\/strong><\/td><td>\u00c7oklu travma hastas\u0131n\u0131n de\u011ferlendirilmesi ve y\u00f6netimi \u2013 Birincil De\u011ferlendirme<br><\/td><td>\u00c7oklu travma hastas\u0131n\u0131n de\u011ferlendirilmesi ve y\u00f6netimi \u2013 Birincil De\u011ferlendirme<br><\/td><td>\u00c7oklu travma hastas\u0131n\u0131n de\u011ferlendirilmesi ve y\u00f6netimi \u2013 \u0130kincil De\u011ferlendirme<br><\/td><\/tr><tr><td><strong><em>10 dakika<\/em><\/strong><\/td><td colspan=\"3\"><em>Ara<\/em><\/td><\/tr><tr><td><strong>40 dakika<\/strong><\/td><td>\u00c7oklu travma hastas\u0131n\u0131n de\u011ferlendirilmesi ve y\u00f6netimi \u2013 Birincil De\u011ferlendirme<br><\/td><td>\u00c7oklu travma hastas\u0131n\u0131n de\u011ferlendirilmesi ve y\u00f6netimi \u2013 \u0130kincil De\u011ferlendirme<br><\/td><td>\u00c7oklu travma hastas\u0131n\u0131n de\u011ferlendirilmesi ve y\u00f6netimi \u2013 Birincil De\u011ferlendirme<br><\/td><\/tr><tr><td><strong><em>30 dakika<\/em><\/strong><\/td><td colspan=\"3\"><em>Ara<\/em><\/td><\/tr><tr><td><strong>40 dakika<\/strong><\/td><td>\u00c7oklu travma hastas\u0131n\u0131n de\u011ferlendirilmesi ve y\u00f6netimi \u2013 \u0130kincil De\u011ferlendirme<br><\/td><td>\u00c7oklu travma hastas\u0131n\u0131n de\u011ferlendirilmesi ve y\u00f6netimi \u2013 Birincil De\u011ferlendirme<br><\/td><td>\u00c7oklu travma hastas\u0131n\u0131n de\u011ferlendirilmesi ve y\u00f6netimi \u2013 Birincil De\u011ferlendirme<br><\/td><\/tr><tr><td><strong><em>10 dakika<\/em><\/strong><\/td><td colspan=\"3\"><em>Ara<\/em><\/td><\/tr><tr><td><strong>40 dakika<\/strong><\/td><td colspan=\"3\">Giri\u015fimsel sedasyon ve analjezi \u2013 \u0130nteraktif senaryo<br><\/td><\/tr><\/tbody><\/table><\/div><\/figure>\n","protected":false},"excerpt":{"rendered":"<p>Tan\u0131t\u0131m Kurs Program\u0131 &nbsp; Grup 1 Grup 2 Grup 3 40 dakika \u00c7oklu travma hastas\u0131n\u0131n de\u011ferlendirilmesi ve y\u00f6netimi \u2013 Birincil De\u011ferlendirme \u00c7oklu&hellip;<\/p>\n","protected":false},"author":162,"featured_media":0,"parent":0,"menu_order":0,"comment_status":"closed","ping_status":"closed","template":"","meta":{"_acf_changed":false,"inline_featured_image":false,"_lmt_disableupdate":"","_lmt_disable":"","footnotes":""},"class_list":["post-1676","page","type-page","status-publish","hentry"],"acf":[],"_links":{"self":[{"href":"https:\/\/tatd.org.tr\/cocuk\/wp-json\/wp\/v2\/pages\/1676","targetHints":{"allow":["GET"]}}],"collection":[{"href":"https:\/\/tatd.org.tr\/cocuk\/wp-json\/wp\/v2\/pages"}],"about":[{"href":"https:\/\/tatd.org.tr\/cocuk\/wp-json\/wp\/v2\/types\/page"}],"author":[{"embeddable":true,"href":"https:\/\/tatd.org.tr\/cocuk\/wp-json\/wp\/v2\/users\/162"}],"replies":[{"embeddable":true,"href":"https:\/\/tatd.org.tr\/cocuk\/wp-json\/wp\/v2\/comments?post=1676"}],"version-history":[{"count":0,"href":"https:\/\/tatd.org.tr\/cocuk\/wp-json\/wp\/v2\/pages\/1676\/revisions"}],"wp:attachment":[{"href":"https:\/\/tatd.org.tr\/cocuk\/wp-json\/wp\/v2\/media?parent=1676"}],"curies":[{"name":"wp","href":"https:\/\/api.w.org\/{rel}","templated":true}]}}