{"id":224,"date":"2021-10-17T23:04:20","date_gmt":"2021-10-17T20:04:20","guid":{"rendered":"https:\/\/tatd.org.tr\/template\/?page_id=5"},"modified":"2024-10-24T14:35:10","modified_gmt":"2024-10-24T11:35:10","slug":"hakkimizda","status":"publish","type":"page","link":"https:\/\/tatd.org.tr\/bilisim\/","title":{"rendered":"Hakk\u0131m\u0131zda"},"content":{"rendered":"\t\t<div data-elementor-type=\"wp-page\" data-elementor-id=\"224\" class=\"elementor elementor-224\" data-elementor-post-type=\"page\">\n\t\t\t\t<div class=\"elementor-element elementor-element-26615a62 e-flex e-con-boxed e-con e-parent\" data-id=\"26615a62\" data-element_type=\"container\" data-e-type=\"container\">\n\t\t\t\t\t<div class=\"e-con-inner\">\n\t\t\t\t<div class=\"elementor-element elementor-element-6bd215a6 elementor-widget elementor-widget-text-editor\" data-id=\"6bd215a6\" data-element_type=\"widget\" data-e-type=\"widget\" data-widget_type=\"text-editor.default\">\n\t\t\t\t<div class=\"elementor-widget-container\">\n\t\t\t\t\t\t\t\t\tAcil T\u0131p&#8217;ta Sa\u011fl\u0131k Bili\u015fimi ve Teknolojileri standartlar\u0131n\u0131 olu\u015fturan, ulusal ve uluslararas\u0131 temsiliyet sa\u011flayan, acil t\u0131p bili\u015fimi ve teknolojilerinin yayg\u0131nla\u015fmas\u0131 i\u00e7in \u00f6nc\u00fc bir tak\u0131m olma vizyonuzla kurulmu\u015ftur.\r\n<div id=\"widget-content\" class=\"widget widget-content col-sm-12 col-md-12 col-lg-12 flex-sm-fill flex-md-grow-0 py-3\">\r\n<div class=\"row\">\r\n<div class=\"col-sm-12 \">\r\n<div class=\"row flex-column \">\r\n<div class=\"col-sm-12 border-bottom\">\r\n\r\n<strong>TATD Sa\u011fl\u0131k Bili\u015fimi ve Teknolojileri Komisyonu<\/strong> i\u00e7erisinde \u00e7al\u0131\u015fmak ve etkinliklerde g\u00f6rev almak isteyen dernek \u00fcyelerimiz, TATD \u00fcye alan\u0131na \u015fifreleri ile giri\u015f yaparak \u201cHesab\u0131m\u201d k\u0131sm\u0131 \u201cG\u00f6revler\u201d sekmesinden \u00e7al\u0131\u015fmak istedikleri komisyon ve \u00e7al\u0131\u015fma gruplar\u0131n\u0131 se\u00e7mek suretiyle ilgili birimlerin Y\u00fcr\u00fctme Kurullar\u0131na taleplerini iletebilir ya da men\u00fcde yer alan ileti\u015fim sayfas\u0131ndaki bilgileri kullanarak kendilerine ula\u015fabilirler.\r\n\r\n<\/div>\r\n<\/div>\r\n<\/div>\r\n<\/div>\r\n<\/div>\t\t\t\t\t\t\t\t<\/div>\n\t\t\t\t<\/div>\n\t\t\t\t\t<\/div>\n\t\t\t\t<\/div>\n\t\t<div class=\"elementor-element elementor-element-9bc6f4b e-flex e-con-boxed e-con e-parent\" data-id=\"9bc6f4b\" data-element_type=\"container\" data-e-type=\"container\">\n\t\t\t\t\t<div class=\"e-con-inner\">\n\t\t\t\t<div class=\"elementor-element elementor-element-d425a64 elementor-widget elementor-widget-penci-latest-posts\" data-id=\"d425a64\" data-element_type=\"widget\" data-e-type=\"widget\" data-widget_type=\"penci-latest-posts.default\">\n\t\t\t\t<div class=\"elementor-widget-container\">\n\t\t\t\t\t                <div id=\"pencilatest_posts_98158\" class=\"penci-latest-posts-sc penci-latest-posts-grid penci-latest-posts-el penci-el-mixed-s1 penci-std-continue-center penci-std-excerpt-center penci-grid-excerpt-left\">\n\t\t\t\t\t\t\t\t\t\t\t                        <div class=\"penci-border-arrow penci-homepage-title penci-home-latest-posts style-6 pcalign-left pciconp-right pcicon-right\">\n                            <h3 class=\"inner-arrow\">\n                                <span>\n\t\t\t\t\t\t\t\t<span>Son Yaz\u0131lar<\/span>                                <\/span>\n                            <\/h3>\n\t\t\t\t\t\t\t                        <\/div>\n\t\t\t\t\t                    <div class=\"penci-wrapper-posts-ajax\">\n\n                        <div class=\"penci-wrapper-posts-content pwid-default\">\n\n\t\t\t\t\t\t\t\t\t\t\t\t\t\t\t                                <ul data-cols=\"3\" data-tcols=\"3\" data-mcols=\"1\" data-layout=\"grid\"\n                                    class=\"has-d-cols has-t-cols has-m-cols penci-wrapper-data penci-grid penci-shortcode-render\">\t\t\t\t\t\t\t\t\t\t\t\t\t\t\t\t\t\t\t\t\t\t\t\t\t\t\t\t\t<li class=\"grid-style\">\n    <article id=\"post-371\" class=\"item hentry\">\n\t\t            <div class=\"thumbnail\">\n\t\t\t\t\t\t\t\t                    <a class=\"penci-image-holder penci-lazy\"\n                       data-bgset=\"https:\/\/tatd.org.tr\/bilisim\/wp-content\/uploads\/sites\/11\/2022\/10\/125a9d50dd7b2f02c701e013759eab4b.png\"\n                       href=\"https:\/\/tatd.org.tr\/bilisim\/etkinlik\/inovasyon-hikayeleri\/\" title=\"\u0130novasyon Hikayeleri\">\n                    <\/a>\n\t\t\t\t\n\t\t\t\t\t\t\t\t\t\t\t\t\t\t\t\t\t\t\t\t\t\t\t\t\t\t\t\t\t\t\t\t\t            <\/div>\n\t\t\n        <div class=\"grid-header-box\">\n\t\t\t                <span class=\"cat\"><a style=\"\" class=\"penci-cat-name penci-cat-10012\" href=\"https:\/\/tatd.org.tr\/bilisim\/category\/etkinlik\/\"  rel=\"category tag\"><span style=\"\">Etkinlik<\/span><\/a><\/span>\n\t\t\t\n            <h2 class=\"penci-entry-title entry-title grid-title penci_grid_title_df\"><a\n                        href=\"https:\/\/tatd.org.tr\/bilisim\/etkinlik\/inovasyon-hikayeleri\/\">\u0130novasyon Hikayeleri<\/a>\n            <\/h2>\n\t\t\t\t\t\t\t\t<div class=\"penci-hide-tagupdated\">\n\t\t\t<span class=\"author-italic author vcard\">taraf\u0131ndan \t\t\t\t\t\t\t\t\t\t<a class=\"author-url url fn n\" href=\"https:\/\/tatd.org.tr\/bilisim\/author\/ibrahimsarbay\/\">\u0130BRAH\u0130M SARBAY<\/a>\t\t\t\t\t\t\t\t\t<\/span>\n\t\t\t<time class=\"entry-date published\" datetime=\"2022-10-06T21:08:391665090519\">6 Ekim 2022<\/time>\t\t<\/div>\n\t\t\t\t\t\t        <\/div>\n\n\t\t            <div class=\"item-content entry-content\">\n\t\t\t\t<p>Bir fikriniz var ancak nas\u0131l ilerleyece\u011finizi ve sizleri nelerin bekledi\u011fini bilmiyorsan\u0131z tam size g\u00f6re bir etkinli\u011fimiz var. \u00c7e\u015fitli giri\u015fimlerde bulunup ba\u015far\u0131ya ula\u015fm\u0131\u015f konuklar\u0131m\u0131z\u0131 sizlerle bulu\u015fturuyoruz. Konuklar\u0131m\u0131z\u0131n &#8220;\u0130novasyon Hikayeleri&#8221;ni hep birlikte &#8230;<\/p>\n            <\/div>\n\t\t\n\t\t\n\t\t    <\/article>\n<\/li>\n<li class=\"grid-style\">\n    <article id=\"post-366\" class=\"item hentry\">\n\t\t            <div class=\"thumbnail\">\n\t\t\t\t\t\t\t\t                    <a class=\"penci-image-holder penci-lazy\"\n                       data-bgset=\"https:\/\/tatd.org.tr\/bilisim\/wp-content\/uploads\/sites\/11\/2022\/09\/d132d1cef748cc1371a22a652889d49e.png\"\n                       href=\"https:\/\/tatd.org.tr\/bilisim\/etkinlik\/digital-emergency-medicine-panel\/\" title=\"Digital Emergency Medicine Panel\">\n                    <\/a>\n\t\t\t\t\n\t\t\t\t\t\t\t\t\t\t\t\t\t\t\t\t\t\t\t\t\t\t\t\t\t\t\t\t\t\t\t\t\t            <\/div>\n\t\t\n        <div class=\"grid-header-box\">\n\t\t\t                <span class=\"cat\"><a style=\"\" class=\"penci-cat-name penci-cat-10012\" href=\"https:\/\/tatd.org.tr\/bilisim\/category\/etkinlik\/\"  rel=\"category tag\"><span style=\"\">Etkinlik<\/span><\/a><\/span>\n\t\t\t\n            <h2 class=\"penci-entry-title entry-title grid-title penci_grid_title_df\"><a\n                        href=\"https:\/\/tatd.org.tr\/bilisim\/etkinlik\/digital-emergency-medicine-panel\/\">Digital Emergency Medicine Panel<\/a>\n            <\/h2>\n\t\t\t\t\t\t\t\t<div class=\"penci-hide-tagupdated\">\n\t\t\t<span class=\"author-italic author vcard\">taraf\u0131ndan \t\t\t\t\t\t\t\t\t\t<a class=\"author-url url fn n\" href=\"https:\/\/tatd.org.tr\/bilisim\/author\/ibrahimsarbay\/\">\u0130BRAH\u0130M SARBAY<\/a>\t\t\t\t\t\t\t\t\t<\/span>\n\t\t\t<time class=\"entry-date published\" datetime=\"2022-09-04T20:33:271662323607\">4 Eyl\u00fcl 2022<\/time>\t\t<\/div>\n\t\t\t\t\t\t        <\/div>\n\n\t\t            <div class=\"item-content entry-content\">\n\t\t\t\t<p>T\u00fcrkiye Acil T\u0131p Derne\u011fi\u2019nin Sa\u011fl\u0131k Bili\u015fim ve Teknolojileri Komisyonu taraf\u0131ndan d\u00fczenlenen Digital Emergency Medicine Panel, 14 Eyl\u00fcl 2022 g\u00fcn\u00fc T\u00fcrkiye saati ile saat 17:00-19:00 aras\u0131nda \u00fccretsiz olarak izlenebilecek. Panelde, d\u00fcnyan\u0131n &#8230;<\/p>\n            <\/div>\n\t\t\n\t\t\n\t\t    <\/article>\n<\/li>\n<li class=\"grid-style\">\n    <article id=\"post-356\" class=\"item hentry\">\n\t\t            <div class=\"thumbnail\">\n\t\t\t\t\t\t\t\t                    <a class=\"penci-image-holder penci-lazy\"\n                       data-bgset=\"https:\/\/tatd.org.tr\/bilisim\/wp-content\/uploads\/sites\/11\/2022\/03\/e0ef85b24c8f62a01a91375864d106b7.png\"\n                       href=\"https:\/\/tatd.org.tr\/bilisim\/etkinlik\/acil-teletip-webinar-2022\/\" title=\"Acil Telet\u0131p Webinar 2022\">\n                    <\/a>\n\t\t\t\t\n\t\t\t\t\t\t\t\t\t\t\t\t\t\t\t\t\t\t\t\t\t\t\t\t\t\t\t\t\t\t\t\t\t            <\/div>\n\t\t\n        <div class=\"grid-header-box\">\n\t\t\t                <span class=\"cat\"><a style=\"\" class=\"penci-cat-name penci-cat-10012\" href=\"https:\/\/tatd.org.tr\/bilisim\/category\/etkinlik\/\"  rel=\"category tag\"><span style=\"\">Etkinlik<\/span><\/a><\/span>\n\t\t\t\n            <h2 class=\"penci-entry-title entry-title grid-title penci_grid_title_df\"><a\n                        href=\"https:\/\/tatd.org.tr\/bilisim\/etkinlik\/acil-teletip-webinar-2022\/\">Acil Telet\u0131p Webinar 2022<\/a>\n            <\/h2>\n\t\t\t\t\t\t\t\t<div class=\"penci-hide-tagupdated\">\n\t\t\t<span class=\"author-italic author vcard\">taraf\u0131ndan \t\t\t\t\t\t\t\t\t\t<a class=\"author-url url fn n\" href=\"https:\/\/tatd.org.tr\/bilisim\/author\/ibrahimsarbay\/\">\u0130BRAH\u0130M SARBAY<\/a>\t\t\t\t\t\t\t\t\t<\/span>\n\t\t\t<time class=\"entry-date published\" datetime=\"2022-03-24T20:46:561648154816\">24 Mart 2022<\/time>\t\t<\/div>\n\t\t\t\t\t\t        <\/div>\n\n\t\t            <div class=\"item-content entry-content\">\n\t\t\t\t<p>T\u00fcrkiye Acil T\u0131p Derne\u011fi&#8217;nin Sa\u011fl\u0131k Bili\u015fim ve Teknolojileri Komisyonu Telet\u0131p Alt Grubu taraf\u0131ndan d\u00fczenlenen Acil Telet\u0131p Webinar 2022, 26 MART 2022 saat 13:00-15:30 aras\u0131nda Doktorclub platformu \u00fczerinden \u00fccretsiz olarak izlenebilecek. &#8230;<\/p>\n            <\/div>\n\t\t\n\t\t\n\t\t    <\/article>\n<\/li>\n\n\t\t\t\t\t\t\t\t\t\t\t\t\t\t\t\t\t\t\t\t\t\t\t\t\t\t\t\t<\/ul>\n\t\t\t\t\t\t\t\t\t\t\t\t\t\t<div class=\"penci-pagination align-left\"><ul class='page-numbers'>\n\t<li><span aria-current=\"page\" class=\"page-numbers current\">1<\/span><\/li>\n\t<li><a class=\"page-numbers\" href=\"https:\/\/tatd.org.tr\/bilisim\/wp-json\/wp\/v2\/pages\/224\/page\/2\/\">2<\/a><\/li>\n\t<li><a class=\"next page-numbers\" href=\"https:\/\/tatd.org.tr\/bilisim\/wp-json\/wp\/v2\/pages\/224\/page\/2\/\"><i class=\"penci-faicon fa fa-angle-right\" ><\/i><\/a><\/li>\n<\/ul>\n<\/div>\t\t\t\t\t\t\t                        <\/div>\n\n\t\t\t\t\t\t                    <\/div>\n                <\/div>\n\t\t\t            <style>\n                                                                                                                                                                            <\/style>\n\t\t\t\t\t\t\t<\/div>\n\t\t\t\t<\/div>\n\t\t\t\t\t<\/div>\n\t\t\t\t<\/div>\n\t\t\t\t<\/div>\n\t\t","protected":false},"excerpt":{"rendered":"<p>Acil T\u0131p&#8217;ta Sa\u011fl\u0131k Bili\u015fimi ve Teknolojileri standartlar\u0131n\u0131 olu\u015fturan, ulusal ve uluslararas\u0131 temsiliyet sa\u011flayan, acil t\u0131p bili\u015fimi ve teknolojilerinin yayg\u0131nla\u015fmas\u0131 i\u00e7in \u00f6nc\u00fc bir&hellip;<\/p>\n","protected":false},"author":1561,"featured_media":0,"parent":0,"menu_order":0,"comment_status":"closed","ping_status":"closed","template":"","meta":{"_acf_changed":false,"inline_featured_image":false,"_lmt_disableupdate":"","_lmt_disable":"","footnotes":""},"class_list":["post-224","page","type-page","status-publish","hentry"],"acf":[],"_links":{"self":[{"href":"https:\/\/tatd.org.tr\/bilisim\/wp-json\/wp\/v2\/pages\/224","targetHints":{"allow":["GET"]}}],"collection":[{"href":"https:\/\/tatd.org.tr\/bilisim\/wp-json\/wp\/v2\/pages"}],"about":[{"href":"https:\/\/tatd.org.tr\/bilisim\/wp-json\/wp\/v2\/types\/page"}],"author":[{"embeddable":true,"href":"https:\/\/tatd.org.tr\/bilisim\/wp-json\/wp\/v2\/users\/1561"}],"replies":[{"embeddable":true,"href":"https:\/\/tatd.org.tr\/bilisim\/wp-json\/wp\/v2\/comments?post=224"}],"version-history":[{"count":0,"href":"https:\/\/tatd.org.tr\/bilisim\/wp-json\/wp\/v2\/pages\/224\/revisions"}],"wp:attachment":[{"href":"https:\/\/tatd.org.tr\/bilisim\/wp-json\/wp\/v2\/media?parent=224"}],"curies":[{"name":"wp","href":"https:\/\/api.w.org\/{rel}","templated":true}]}}